{"version":"1.0","provider_name":"L&#039;info dans toute sa pr\u00e9cision","provider_url":"https:\/\/leprecis224.com","title":"Afrique : Les S\u00e9n\u00e9galais \u00e9lisent leur pr\u00e9sident dimanche - L&#039;info dans toute sa pr\u00e9cision","type":"rich","width":600,"height":338,"html":"<blockquote class=\"wp-embedded-content\" data-secret=\"VMIi4UfmIK\"><a href=\"https:\/\/leprecis224.com\/index.php\/afrique-les-senegalais-elisent-leur-president-dimanche\/\">Afrique : Les S\u00e9n\u00e9galais \u00e9lisent leur pr\u00e9sident dimanche<\/a><\/blockquote><iframe sandbox=\"allow-scripts\" security=\"restricted\" src=\"https:\/\/leprecis224.com\/index.php\/afrique-les-senegalais-elisent-leur-president-dimanche\/embed\/#?secret=VMIi4UfmIK\" width=\"600\" height=\"338\" title=\"\u00ab\u00a0Afrique : Les S\u00e9n\u00e9galais \u00e9lisent leur pr\u00e9sident dimanche\u00a0\u00bb &#8212; L&#039;info dans toute sa pr\u00e9cision\" data-secret=\"VMIi4UfmIK\" frameborder=\"0\" marginwidth=\"0\" marginheight=\"0\" scrolling=\"no\" class=\"wp-embedded-content\"><\/iframe><script type=\"text\/javascript\">\n\/* <![CDATA[ *\/\n\/*! This file is auto-generated *\/\n!function(d,l){\"use strict\";l.querySelector&&d.addEventListener&&\"undefined\"!=typeof URL&&(d.wp=d.wp||{},d.wp.receiveEmbedMessage||(d.wp.receiveEmbedMessage=function(e){var t=e.data;if((t||t.secret||t.message||t.value)&&!\/[^a-zA-Z0-9]\/.test(t.secret)){for(var s,r,n,a=l.querySelectorAll('iframe[data-secret=\"'+t.secret+'\"]'),o=l.querySelectorAll('blockquote[data-secret=\"'+t.secret+'\"]'),c=new RegExp(\"^https?:$\",\"i\"),i=0;i<o.length;i++)o[i].style.display=\"none\";for(i=0;i<a.length;i++)s=a[i],e.source===s.contentWindow&&(s.removeAttribute(\"style\"),\"height\"===t.message?(1e3<(r=parseInt(t.value,10))?r=1e3:~~r<200&&(r=200),s.height=r):\"link\"===t.message&&(r=new URL(s.getAttribute(\"src\")),n=new URL(t.value),c.test(n.protocol))&&n.host===r.host&&l.activeElement===s&&(d.top.location.href=t.value))}},d.addEventListener(\"message\",d.wp.receiveEmbedMessage,!1),l.addEventListener(\"DOMContentLoaded\",function(){for(var e,t,s=l.querySelectorAll(\"iframe.wp-embedded-content\"),r=0;r<s.length;r++)(t=(e=s[r]).getAttribute(\"data-secret\"))||(t=Math.random().toString(36).substring(2,12),e.src+=\"#?secret=\"+t,e.setAttribute(\"data-secret\",t)),e.contentWindow.postMessage({message:\"ready\",secret:t},\"*\")},!1)))}(window,document);\n\/\/# sourceURL=https:\/\/leprecis224.com\/wp-includes\/js\/wp-embed.min.js\n\/* ]]> *\/\n<\/script>\n","thumbnail_url":"https:\/\/leprecis224.com\/wp-content\/uploads\/2024\/03\/1024x576_cmsv2_df7b0323-1723-5d2e-97d4-6e160a383459-8319074.jpg","thumbnail_width":1024,"thumbnail_height":576,"description":"Les S\u00e9n\u00e9galais sont attendus aux urnes \u00e0 la faveur de l\u2019\u00e9lection pr\u00e9sidentielle. Ce scrutin interviendra apr\u00e8s une p\u00e9riode trouble sur le plan politique, apr\u00e8s l\u2019annonce du report du scrutin du 25 f\u00e9vrier \u00e0 la fin de l&rsquo;ann\u00e9e. Ce report avait \u00e9t\u00e9 voulu par Macky Sall, pour \u2018\u2019 permettre l\u2019organisation d\u2019une \u00e9lection apais\u00e9e et cr\u00e9dible\u2019\u2019. Mais [&hellip;]"}