{"version":"1.0","provider_name":"L&#039;info dans toute sa pr\u00e9cision","provider_url":"https:\/\/leprecis224.com","title":"For\u00e9cariah: l'\u00e9quipe gouvernementale en immersion regagne Conakry \u00a0 - L&#039;info dans toute sa pr\u00e9cision","type":"rich","width":600,"height":338,"html":"<blockquote class=\"wp-embedded-content\" data-secret=\"RhdQY6oDG7\"><a href=\"https:\/\/leprecis224.com\/index.php\/forecariah-lequipe-gouvernementale-en-immersion-regagne-conakry\/\">For\u00e9cariah:  l&rsquo;\u00e9quipe gouvernementale en immersion regagne Conakry \u00a0<\/a><\/blockquote><iframe sandbox=\"allow-scripts\" security=\"restricted\" src=\"https:\/\/leprecis224.com\/index.php\/forecariah-lequipe-gouvernementale-en-immersion-regagne-conakry\/embed\/#?secret=RhdQY6oDG7\" width=\"600\" height=\"338\" title=\"\u00ab\u00a0For\u00e9cariah:  l&rsquo;\u00e9quipe gouvernementale en immersion regagne Conakry \u00a0\u00a0\u00bb &#8212; L&#039;info dans toute sa pr\u00e9cision\" data-secret=\"RhdQY6oDG7\" frameborder=\"0\" marginwidth=\"0\" marginheight=\"0\" scrolling=\"no\" class=\"wp-embedded-content\"><\/iframe><script type=\"text\/javascript\">\n\/* <![CDATA[ *\/\n\/*! This file is auto-generated *\/\n!function(d,l){\"use strict\";l.querySelector&&d.addEventListener&&\"undefined\"!=typeof URL&&(d.wp=d.wp||{},d.wp.receiveEmbedMessage||(d.wp.receiveEmbedMessage=function(e){var t=e.data;if((t||t.secret||t.message||t.value)&&!\/[^a-zA-Z0-9]\/.test(t.secret)){for(var s,r,n,a=l.querySelectorAll('iframe[data-secret=\"'+t.secret+'\"]'),o=l.querySelectorAll('blockquote[data-secret=\"'+t.secret+'\"]'),c=new RegExp(\"^https?:$\",\"i\"),i=0;i<o.length;i++)o[i].style.display=\"none\";for(i=0;i<a.length;i++)s=a[i],e.source===s.contentWindow&&(s.removeAttribute(\"style\"),\"height\"===t.message?(1e3<(r=parseInt(t.value,10))?r=1e3:~~r<200&&(r=200),s.height=r):\"link\"===t.message&&(r=new URL(s.getAttribute(\"src\")),n=new URL(t.value),c.test(n.protocol))&&n.host===r.host&&l.activeElement===s&&(d.top.location.href=t.value))}},d.addEventListener(\"message\",d.wp.receiveEmbedMessage,!1),l.addEventListener(\"DOMContentLoaded\",function(){for(var e,t,s=l.querySelectorAll(\"iframe.wp-embedded-content\"),r=0;r<s.length;r++)(t=(e=s[r]).getAttribute(\"data-secret\"))||(t=Math.random().toString(36).substring(2,12),e.src+=\"#?secret=\"+t,e.setAttribute(\"data-secret\",t)),e.contentWindow.postMessage({message:\"ready\",secret:t},\"*\")},!1)))}(window,document);\n\/\/# sourceURL=https:\/\/leprecis224.com\/wp-includes\/js\/wp-embed.min.js\n\/* ]]> *\/\n<\/script>\n","thumbnail_url":"https:\/\/leprecis224.com\/wp-content\/uploads\/2024\/03\/FB_IMG_1711315085602.jpg","thumbnail_width":1079,"thumbnail_height":720,"description":"&nbsp; Dans la poursuite de l\u2019immersion gouvernementale dans l&rsquo;arri\u00e8re-pays (entam\u00e9e le samedi 23 mars), l&rsquo;\u00e9quipe conduite par le Premier ministre Chef du Gouvernement, Amadou Oury Bah, avec \u00e0 ses c\u00f4t\u00e9s les ministres, Secr\u00e9taire G\u00e9n\u00e9ral et Directeur de Cabinet de la Pr\u00e9sidence, respectivement le G\u00e9n\u00e9ral Amara Camara et Djiba Diakit\u00e9, a effectu\u00e9 ce dimanche 24 mars [&hellip;]"}