{"version":"1.0","provider_name":"L&#039;info dans toute sa pr\u00e9cision","provider_url":"https:\/\/leprecis224.com","title":"Mali:Go\u00efta mobilise les r\u00e9servistes et remercie la Russie - L&#039;info dans toute sa pr\u00e9cision","type":"rich","width":600,"height":338,"html":"<blockquote class=\"wp-embedded-content\" data-secret=\"P8gtgoxe7V\"><a href=\"https:\/\/leprecis224.com\/index.php\/maligoita-mobilise-les-reservistes-et-remercie-la-russie\/\">Mali:Go\u00efta mobilise les r\u00e9servistes et remercie la Russie<\/a><\/blockquote><iframe sandbox=\"allow-scripts\" security=\"restricted\" src=\"https:\/\/leprecis224.com\/index.php\/maligoita-mobilise-les-reservistes-et-remercie-la-russie\/embed\/#?secret=P8gtgoxe7V\" width=\"600\" height=\"338\" title=\"\u00ab\u00a0Mali:Go\u00efta mobilise les r\u00e9servistes et remercie la Russie\u00a0\u00bb &#8212; L&#039;info dans toute sa pr\u00e9cision\" data-secret=\"P8gtgoxe7V\" frameborder=\"0\" marginwidth=\"0\" marginheight=\"0\" scrolling=\"no\" class=\"wp-embedded-content\"><\/iframe><script type=\"text\/javascript\">\n\/* <![CDATA[ *\/\n\/*! This file is auto-generated *\/\n!function(d,l){\"use strict\";l.querySelector&&d.addEventListener&&\"undefined\"!=typeof URL&&(d.wp=d.wp||{},d.wp.receiveEmbedMessage||(d.wp.receiveEmbedMessage=function(e){var t=e.data;if((t||t.secret||t.message||t.value)&&!\/[^a-zA-Z0-9]\/.test(t.secret)){for(var s,r,n,a=l.querySelectorAll('iframe[data-secret=\"'+t.secret+'\"]'),o=l.querySelectorAll('blockquote[data-secret=\"'+t.secret+'\"]'),c=new RegExp(\"^https?:$\",\"i\"),i=0;i<o.length;i++)o[i].style.display=\"none\";for(i=0;i<a.length;i++)s=a[i],e.source===s.contentWindow&&(s.removeAttribute(\"style\"),\"height\"===t.message?(1e3<(r=parseInt(t.value,10))?r=1e3:~~r<200&&(r=200),s.height=r):\"link\"===t.message&&(r=new URL(s.getAttribute(\"src\")),n=new URL(t.value),c.test(n.protocol))&&n.host===r.host&&l.activeElement===s&&(d.top.location.href=t.value))}},d.addEventListener(\"message\",d.wp.receiveEmbedMessage,!1),l.addEventListener(\"DOMContentLoaded\",function(){for(var e,t,s=l.querySelectorAll(\"iframe.wp-embedded-content\"),r=0;r<s.length;r++)(t=(e=s[r]).getAttribute(\"data-secret\"))||(t=Math.random().toString(36).substring(2,12),e.src+=\"#?secret=\"+t,e.setAttribute(\"data-secret\",t)),e.contentWindow.postMessage({message:\"ready\",secret:t},\"*\")},!1)))}(window,document);\n\/\/# sourceURL=https:\/\/leprecis224.com\/wp-includes\/js\/wp-embed.min.js\n\/* ]]> *\/\n<\/script>\n","thumbnail_url":"https:\/\/leprecis224.com\/wp-content\/uploads\/2023\/09\/Colonel-Assimi-GOITA-3_1.jpeg","thumbnail_width":779,"thumbnail_height":546,"description":"La junte au pouvoir au Mali a annul\u00e9 les festivit\u00e9s pr\u00e9vues pour marquer l&rsquo;anniversaire de l&rsquo;ind\u00e9pendance et envisage de mobiliser des r\u00e9servistes face \u00e0 la mont\u00e9e des tensions au nord du pays. Dans un discours \u00e0 la nation jeudi, le chef de la junte Assimi Go\u00efta a assur\u00e9 que les forces de d\u00e9fense et de [&hellip;]"}